{"id":3636,"date":"2013-03-13T16:37:11","date_gmt":"2013-03-13T15:37:11","guid":{"rendered":"http:\/\/cmpaix.eu\/fr\/?page_id=3636"},"modified":"2024-04-10T09:21:44","modified_gmt":"2024-04-10T07:21:44","slug":"service-educatif","status":"publish","type":"page","link":"http:\/\/cmpaix.eu\/fr\/service-educatif\/","title":{"rendered":"Service \u00e9ducatif"},"content":{"rendered":"<div class=\"fusion-fullwidth fullwidth-box fusion-builder-row-1 hundred-percent-fullwidth non-hundred-percent-height-scrolling\" style=\"--awb-border-radius-top-left:0px;--awb-border-radius-top-right:0px;--awb-border-radius-bottom-right:0px;--awb-border-radius-bottom-left:0px;--awb-overflow:visible;--awb-padding-right:30px;--awb-padding-left:30px;--awb-flex-wrap:wrap;\" ><div class=\"fusion-builder-row fusion-row\"><div class=\"fusion-layout-column fusion_builder_column fusion-builder-column-0 fusion_builder_column_2_3 2_3 fusion-two-third fusion-column-first\" style=\"--awb-bg-size:cover;width:66.666666666667%;width:calc(66.666666666667% - ( ( 4% ) * 0.66666666666667 ) );margin-right: 4%;\"><div class=\"fusion-column-wrapper fusion-flex-column-wrapper-legacy\">\n<p class=\"fr-btn-vert text-white at-external-link-click\">>> Pr\u00e9sentation<\/p>\n<div class=\"fusion-sep-clear\"><\/div><div class=\"fusion-separator fusion-full-width-sep\" style=\"margin-left: auto;margin-right: auto;margin-top:-20px;margin-bottom:-20px;width:100%;\"><\/div><div class=\"fusion-sep-clear\"><\/div>\n<div class=\"accueil_bg_orange shadow\">\n<div class=\"fusion-sep-clear\"><\/div><div class=\"fusion-separator fusion-full-width-sep\" style=\"margin-left: auto;margin-right: auto;margin-top:10px;margin-bottom:10px;width:100%;\"><\/div><div class=\"fusion-sep-clear\"><\/div>\nLa magnifique formule :<em> \u00ab\u00a0la guerre prenant naissance dans l&rsquo;esprit des hommes, c&rsquo;est dans l&rsquo;esprit des hommes que doivent \u00eatre \u00e9lev\u00e9es les d\u00e9fenses de la paix\u00a0\u00bb<\/em> lanc\u00e9e par l&rsquo;UNESCO, montre que la paix peut s&rsquo;apprendre et devenir ainsi un objet d&rsquo;\u00e9tude et d&rsquo;enseignement.<\/p>\n<p style=\"padding-left: 30px;\">Pour r\u00e9pondre \u00e0 cet objectif, le Centre Mondial s&rsquo;est dot\u00e9 d&rsquo;un service \u00e9ducatif et d&rsquo;un centre de documentation anim\u00e9s par trois professeurs d\u00e9tach\u00e9s par l&rsquo;\u00c9ducation nationale.<\/p>\n<p style=\"padding-left: 30px;\">Tout professeur, d\u00e9sireux de venir visiter avec sa classe les expositions du Centre Mondial, peut s&rsquo;adresser \u00e0 ces personnes qui l&rsquo;aideront \u00e0 pr\u00e9parer sa sortie : d\u00e9finition des objectifs, programmation, informations sur les modalit\u00e9s pratiques d&rsquo;accueil, &#8230; Il est souhaitable de prendre contact plusieurs semaines \u00e0 l&rsquo;avance en s&rsquo;adressant directement au standard du Centre Mondial (t\u00e9l. 03 29 86 55 00 &#8211; e-mail : scolaire@cmpaix.eu )<\/p>\n<p>N\u2019h\u00e9sitez pas \u00e0 nous contacter pour vous aider \u00e0 pr\u00e9parer votre visite et \u00e9laborer un programme adapt\u00e9 \u00e0 vos objectifs.<\/p>\n<\/div>\n<p class=\"fr-btn-vert text-white at-external-link-click\">>> Notre offre p\u00e9dagogique<\/p>\n<div class=\"fusion-sep-clear\"><\/div><div class=\"fusion-separator fusion-full-width-sep\" style=\"margin-left: auto;margin-right: auto;margin-top:-20px;margin-bottom:-20px;width:100%;\"><\/div><div class=\"fusion-sep-clear\"><\/div>\n<div class=\"accueil_bg_orange shadow\">\n<div class=\"fusion-sep-clear\"><\/div><div class=\"fusion-separator fusion-full-width-sep\" style=\"margin-left: auto;margin-right: auto;margin-top:10px;margin-bottom:10px;width:100%;\"><\/div><div class=\"fusion-sep-clear\"><\/div>\n<img class=\"lazyload\" decoding=\"async\" style=\"padding-bottom: 1em; float: left; margin: 15px;\" alt=\"\" src=\"data:image\/svg+xml,%3Csvg%20xmlns%3D%27http%3A%2F%2Fwww.w3.org%2F2000%2Fsvg%27%20width%3D%2795%27%20height%3D%27150%27%20viewBox%3D%270%200%2095%20150%27%3E%3Crect%20width%3D%2795%27%20height%3D%27150%27%20fill-opacity%3D%220%22%2F%3E%3C%2Fsvg%3E\" data-orig-src=\"http:\/\/cmpaix.eu\/img\/formulaire.jpg\" width=\"95\" height=\"150\">Le service \u00e9ducatif propose des livrets p\u00e9dagogiques correspondant aux expositions pr\u00e9sent\u00e9es au Centre Mondial de la Paix. Ces livrets n\u00e9cessitent un temps de travail sur place mais il est possible de les adapter en les r\u00e9duisant pour ne garder que les questions relatives aux objectifs de la visite.<\/p>\n<p>Pour assurer la qualit\u00e9 du travail p\u00e9dagogique au sein des expositions, le nombre de groupes admis simultan\u00e9ment est limit\u00e9. Il est donc n\u00e9cessaire de r\u00e9server.<\/p>\n<div class=\"fusion-sep-clear\"><\/div><div class=\"fusion-separator fusion-full-width-sep\" style=\"margin-left: auto;margin-right: auto;margin-top:10px;margin-bottom:10px;width:100%;\"><\/div><div class=\"fusion-sep-clear\"><\/div>\n<h3><strong>NOUVEAU<\/strong> : Faites vivre une exp\u00e9rience unique \u00e0 vos \u00e9l\u00e8ves<\/h3>\n<p>Faites vivre l&rsquo;incroyable exp\u00e9rience de la 4K et du son ATMOS \u00e0 vos \u00e9l\u00e8ves, et plongez dans l&rsquo;Histoire<br \/>\nContactez-nous pour plus de renseignements : t\u00e9l. 03 29 86 55 00 &#8211; e-mail : scolaire@cmpaix.eu <\/p>\n<div class=\"fusion-sep-clear\"><\/div><div class=\"fusion-separator fusion-full-width-sep\" style=\"margin-left: auto;margin-right: auto;margin-top:10px;margin-bottom:10px;width:100%;\"><\/div><div class=\"fusion-sep-clear\"><\/div>\n<strong>NOS RESSOURCES P\u00c9DAGOGIQUES POUR PR\u00c9PARER VOTRE VISITE<\/strong><br \/>\n<img class=\"lazyload\" decoding=\"async\" style=\"padding-bottom: 1em; float: left; margin: 10px;\" src=\"data:image\/gif;base64,R0lGODlhAQABAAAAACH5BAEKAAEALAAAAAABAAEAAAICTAEAOw==\" data-orig-src=\"http:\/\/cmpaix.eu\/fr\/wp-content\/uploads\/2019\/06\/drolesdepaix50px.jpg\" alt=\"\" width=\"40\"><br \/>\nExposition \u00ab\u00a0Dr\u00f4les de Paix, 1945 &#8211; 2019\u00a0\u00bb<br \/>\n&gt; <a href=\"http:\/\/www.cmpaix.fr\/SE\/Q-Droles-de-Paix_guide-de-visite.pdf\" target=\"_blank\" rel=\"noopener noreferrer\">Questionnaire p\u00e9dagogique (niveau coll\u00e8ge &#8211; lyc\u00e9e)<\/a> [PDF]<\/br><br \/>\n&gt; <a href=\"http:\/\/www.cmpaix.fr\/SE\/Q-Droles-de-Paix_missions-guerre-froide.pdf\" target=\"_blank\" rel=\"noopener noreferrer\">Missions Guerre Froide (niveau coll\u00e8ge &#8211; lyc\u00e9e)<\/a> [PDF]<\/br><br \/>\n&gt; <a href=\"http:\/\/www.cmpaix.fr\/SE\/Q-Droles-de-Paix_missions-construction-europeenne.pdf\" target=\"_blank\" rel=\"noopener noreferrer\">Missions La Construction europ\u00e9enne (niveau coll\u00e8ge &#8211; lyc\u00e9e)<\/a> [PDF]<\/br><br \/>\n&gt; <a href=\"http:\/\/www.cmpaix.fr\/SE\/Q-Droles-de-Paix_couple-franco-allemand.pdf\" target=\"_blank\" rel=\"noopener noreferrer\">Missions Le Couple franco-allemand (niveau coll\u00e8ge &#8211; lyc\u00e9e)<\/a> [PDF]<\/br><br \/>\n&gt; <a href=\"http:\/\/www.cmpaix.fr\/SE\/Q-Droles-de-Paix_missions-chute-mur_nouveaux-enjeux.pdf\" target=\"_blank\" rel=\"noopener noreferrer\">Missions chute du Mur et nouveaux enjeux (niveau coll\u00e8ge &#8211; lyc\u00e9e)<\/a> [PDF]\n<div class=\"fusion-clearfix\"><\/div><\/div><\/div>\n<\/p><\/div>\n<div class=\"fusion-layout-column fusion_builder_column fusion-builder-column-1 fusion_builder_column_1_3 1_3 fusion-one-third fusion-column-last\" style=\"--awb-bg-size:cover;width:33.333333333333%;width:calc(33.333333333333% - ( ( 4% ) * 0.33333333333333 ) );\"><div class=\"fusion-column-wrapper fusion-flex-column-wrapper-legacy\">\n<div class=\"shadow\"><img class=\"lazyload\" decoding=\"async\" style=\"padding-bottom: 1em;\" alt=\"\" src=\"data:image\/svg+xml,%3Csvg%20xmlns%3D%27http%3A%2F%2Fwww.w3.org%2F2000%2Fsvg%27%20width%3D%27283%27%20height%3D%27305%27%20viewBox%3D%270%200%20283%20305%27%3E%3Crect%20width%3D%27283%27%20height%3D%27305%27%20fill-opacity%3D%220%22%2F%3E%3C%2Fsvg%3E\" data-orig-src=\"http:\/\/cmpaix.eu\/fr\/wp-content\/uploads\/2022\/11\/pub-salle-voutee.jpg\"><\/a><div class=\"fusion-sep-clear\"><\/div><div class=\"fusion-separator fusion-full-width-sep\" style=\"margin-left: auto;margin-right: auto;margin-top:-7px;margin-bottom:-7px;width:100%;\"><\/div><div class=\"fusion-sep-clear\"><\/div><\/div>\n<div class=\"fusion-sep-clear\"><\/div><div class=\"fusion-separator fusion-full-width-sep\" style=\"margin-left: auto;margin-right: auto;margin-top:10px;margin-bottom:10px;width:100%;\"><\/div><div class=\"fusion-sep-clear\"><\/div>\n<div class=\"shadow\"><a href=\"http:\/\/cmpaix.eu\/fr\/hebergement\" rel=\"noopener noreferrer\"><img class=\"lazyload\" decoding=\"async\" style=\"padding-bottom: 1em;\" alt=\"\" src=\"data:image\/svg+xml,%3Csvg%20xmlns%3D%27http%3A%2F%2Fwww.w3.org%2F2000%2Fsvg%27%20width%3D%27288%27%20height%3D%27416%27%20viewBox%3D%270%200%20288%20416%27%3E%3Crect%20width%3D%27288%27%20height%3D%27416%27%20fill-opacity%3D%220%22%2F%3E%3C%2Fsvg%3E\" data-orig-src=\"http:\/\/cmpaix.eu\/fr\/wp-content\/uploads\/2016\/09\/affiche-hebergement.jpg\"><\/a><div class=\"fusion-sep-clear\"><\/div><div class=\"fusion-separator fusion-full-width-sep\" style=\"margin-left: auto;margin-right: auto;margin-top:-7px;margin-bottom:-7px;width:100%;\"><\/div><div class=\"fusion-sep-clear\"><\/div><\/div>\n<div class=\"accueil_bg_orange shadow\">&gt; <a href=\"http:\/\/cmpaix.eu\/fr\/hebergement\" rel=\"noopener noreferrer\">En savoir plus<\/a><\/p>\n<h3>Notre p\u00f4le h\u00e9bergement collectif<\/h3>\n<h3>\u2022 Sur r\u00e9servation uniquement<br \/>\n\u2022 Devis personnalis\u00e9<\/h3>\n<\/div>\n<div class=\"fusion-sep-clear\"><\/div><div class=\"fusion-separator fusion-full-width-sep\" style=\"margin-left: auto;margin-right: auto;margin-top:10px;margin-bottom:10px;width:100%;\"><\/div><div class=\"fusion-sep-clear\"><\/div>\n<p class=\"fr-btn-vert text-white at-external-link-click\">>> Infos pratiques<\/p>\n<div class=\"fusion-sep-clear\"><\/div><div class=\"fusion-separator fusion-full-width-sep\" style=\"margin-left: auto;margin-right: auto;margin-top:-20px;margin-bottom:-20px;width:100%;\"><\/div><div class=\"fusion-sep-clear\"><\/div>\n<div class=\"accueil_bg_orange shadow\">\n<div class=\"fusion-sep-clear\"><\/div><div class=\"fusion-separator fusion-full-width-sep\" style=\"margin-left: auto;margin-right: auto;margin-top:10px;margin-bottom:10px;width:100%;\"><\/div><div class=\"fusion-sep-clear\"><\/div>\n<h4><\/h4>\n<p><strong>Centre Mondial de la Paix<\/strong><br \/>\n<strong> des Libert\u00e9s et des Droits de l&rsquo;Homme<\/strong><\/p>\n<p style=\"text-align: left;\">Place Monseigneur Ginisty &#8211; B.P. 10183<br \/>\n55105 VERDUN Cedex<br \/>\nT\u00e9l. 03 29 86 55 00<br \/>\nscolaire@cmpaix.eu<\/p>\n<\/div>\n<div class=\"fusion-sep-clear\"><\/div><div class=\"fusion-separator fusion-full-width-sep\" style=\"margin-left: auto;margin-right: auto;margin-top:-20px;margin-bottom:-20px;width:100%;\"><\/div><div class=\"fusion-sep-clear\"><\/div>\n<div class=\"fusion-clearfix\"><\/div><\/div><\/div><\/div><\/div>\n","protected":false},"excerpt":{"rendered":"","protected":false},"author":1,"featured_media":0,"parent":0,"menu_order":0,"comment_status":"closed","ping_status":"closed","template":"100-width.php","meta":{"ngg_post_thumbnail":0,"footnotes":""},"class_list":["post-3636","page","type-page","status-publish","hentry"],"_links":{"self":[{"href":"http:\/\/cmpaix.eu\/fr\/wp-json\/wp\/v2\/pages\/3636","targetHints":{"allow":["GET"]}}],"collection":[{"href":"http:\/\/cmpaix.eu\/fr\/wp-json\/wp\/v2\/pages"}],"about":[{"href":"http:\/\/cmpaix.eu\/fr\/wp-json\/wp\/v2\/types\/page"}],"author":[{"embeddable":true,"href":"http:\/\/cmpaix.eu\/fr\/wp-json\/wp\/v2\/users\/1"}],"replies":[{"embeddable":true,"href":"http:\/\/cmpaix.eu\/fr\/wp-json\/wp\/v2\/comments?post=3636"}],"version-history":[{"count":181,"href":"http:\/\/cmpaix.eu\/fr\/wp-json\/wp\/v2\/pages\/3636\/revisions"}],"predecessor-version":[{"id":12016,"href":"http:\/\/cmpaix.eu\/fr\/wp-json\/wp\/v2\/pages\/3636\/revisions\/12016"}],"wp:attachment":[{"href":"http:\/\/cmpaix.eu\/fr\/wp-json\/wp\/v2\/media?parent=3636"}],"curies":[{"name":"wp","href":"https:\/\/api.w.org\/{rel}","templated":true}]}}