{"id":14936,"date":"2025-07-01T11:46:57","date_gmt":"2025-07-01T09:46:57","guid":{"rendered":"https:\/\/cmpaix.eu\/fr\/?page_id=14936"},"modified":"2025-08-25T14:09:06","modified_gmt":"2025-08-25T12:09:06","slug":"la-rotule","status":"publish","type":"page","link":"https:\/\/cmpaix.eu\/fr\/la-rotule\/","title":{"rendered":"La rotule"},"content":{"rendered":"<section class=\"palais-section\">\n<h2>La rotule<\/h2>\n<div class=\"image-block\">\n<p><img decoding=\"async\" class=\"lazyload justify size-medium wp-image-15052\" src=\"http:\/\/cmpaix.eu\/fr\/wp-content\/uploads\/2025\/08\/illustration-5-300x225.jpg\" data-orig-src=\"http:\/\/cmpaix.eu\/fr\/wp-content\/uploads\/2025\/08\/illustration-5-300x225.jpg\" alt=\"\" width=\"300\" height=\"225\" srcset=\"data:image\/svg+xml,%3Csvg%20xmlns%3D%27http%3A%2F%2Fwww.w3.org%2F2000%2Fsvg%27%20width%3D%27300%27%20height%3D%27225%27%20viewBox%3D%270%200%20300%20225%27%3E%3Crect%20width%3D%27300%27%20height%3D%27225%27%20fill-opacity%3D%220%22%2F%3E%3C%2Fsvg%3E\" data-srcset=\"https:\/\/cmpaix.eu\/fr\/wp-content\/uploads\/2025\/08\/illustration-5-200x150.jpg 200w, https:\/\/cmpaix.eu\/fr\/wp-content\/uploads\/2025\/08\/illustration-5-300x225.jpg 300w, https:\/\/cmpaix.eu\/fr\/wp-content\/uploads\/2025\/08\/illustration-5-400x300.jpg 400w, https:\/\/cmpaix.eu\/fr\/wp-content\/uploads\/2025\/08\/illustration-5-600x450.jpg 600w, https:\/\/cmpaix.eu\/fr\/wp-content\/uploads\/2025\/08\/illustration-5-768x576.jpg 768w, https:\/\/cmpaix.eu\/fr\/wp-content\/uploads\/2025\/08\/illustration-5-800x600.jpg 800w, https:\/\/cmpaix.eu\/fr\/wp-content\/uploads\/2025\/08\/illustration-5-1024x768.jpg 1024w, https:\/\/cmpaix.eu\/fr\/wp-content\/uploads\/2025\/08\/illustration-5-1200x900.jpg 1200w, https:\/\/cmpaix.eu\/fr\/wp-content\/uploads\/2025\/08\/illustration-5-1536x1152.jpg 1536w, https:\/\/cmpaix.eu\/fr\/wp-content\/uploads\/2025\/08\/illustration-5-scaled.jpg 2560w\" data-sizes=\"auto\" data-orig-sizes=\"(max-width: 300px) 100vw, 300px\" \/><\/p>\n<p>La pr\u00e9sence de la cath\u00e9drale rendant impossible l\u2019installation d\u2019une entr\u00e9e monumentale dans l\u2019axe de la cour d\u2019honneur du palais, <a href=\"https:\/\/fr.wikipedia.org\/wiki\/Robert_de_Cotte\" target=\"_blank\" rel=\"noopener\">Robert de Cotte<\/a> imagina une entr\u00e9e oblique, trait\u00e9e en h\u00e9micycle \u00e0 partir de la rue. Elle s\u2019ouvre sur un espace de distribution de forme ovale surnomm\u00e9 <strong><em>la rotule<\/em><\/strong> qui donne acc\u00e8s \u00e0 gauche sur la cour des remises, qui d\u00e9bouche sur la cath\u00e9drale et son clo\u00eetre, tandis qu\u2019\u00e0 droite se trouve la cour des \u00e9curies et dans l\u2019axe de l\u2019entr\u00e9e, la cour d\u2019honneur du palais \u00e9piscopal.<\/p>\n<p>Lorsque le visiteur entre dans celle-ci, l\u2019effet de surprise est total et la somptuosit\u00e9 du b\u00e2timent n\u2019en impressionne que davantage.<\/p>\n<p><em>la \u00ab&nbsp;rotule&nbsp;\u00bb, ing\u00e9nieuse invention de l\u2019architecte Robert de Cotte pour cr\u00e9er l\u2019illusion de l\u2019alignement du grand portail et de la cour d\u2019honneur<\/em> <em>\u00a9 clich\u00e9 Nicolas Le Clerre<\/em><\/p>\n<p>Voir les autres lieux :&nbsp;<\/p>\n<h6><a class=\"card\" href=\"facade-place\">\ufe0f<\/a><a href=\"https:\/\/cmpaix.eu\/fr\/le-portail-place-monseigneur-ginisty\/\">Fa\u00e7ade c\u00f4t\u00e9 place<\/a> \/&nbsp;<a href=\"https:\/\/cmpaix.eu\/fr\/entree-de-la-cour\/\">la cour d\u2019honneur<\/a>&nbsp; \/&nbsp;<a href=\"https:\/\/cmpaix.eu\/fr\/la-chapelle\/\">La Chapelle<\/a> \/&nbsp;<a href=\"https:\/\/cmpaix.eu\/fr\/la-marelle\/\">La Marelle<\/a> \/&nbsp;<a href=\"https:\/\/cmpaix.eu\/fr\/le-peristyle\/\">Le p\u00e9ristyle<\/a> \/&nbsp;<a href=\"https:\/\/cmpaix.eu\/fr\/les-jardins\/\">Les Jardins<\/a> \/&nbsp;<a href=\"https:\/\/cmpaix.eu\/fr\/le-mur-de-berlin\/\">Fragment du Mur de Berlin<\/a> \/&nbsp;<a href=\"https:\/\/cmpaix.eu\/fr\/la-facade-cote-jardins\/\">Fa\u00e7ade c\u00f4t\u00e9 jardin<\/a> \/<a href=\"https:\/\/cmpaix.eu\/fr\/vue-depuis-les-jardins\/\">Vue sur Verdun<\/a>&nbsp;<\/h6>\n<\/div>\n<\/section>\n","protected":false},"excerpt":{"rendered":"<p>La rotule La pr\u00e9sence de la cath\u00e9drale rendant impossible l\u2019installation d\u2019une entr\u00e9e monumentale dans l\u2019axe de la cour d\u2019honneur du palais, Robert de Cotte imagina une entr\u00e9e oblique, trait\u00e9e en h\u00e9micycle \u00e0 partir de la rue. Elle s\u2019ouvre sur un espace de distribution de forme ovale surnomm\u00e9 la rotule qui  [&#8230;]<\/p>\n","protected":false},"author":1,"featured_media":0,"parent":0,"menu_order":2,"comment_status":"closed","ping_status":"closed","template":"","meta":{"ngg_post_thumbnail":0,"footnotes":""},"class_list":["post-14936","page","type-page","status-publish","hentry"],"_links":{"self":[{"href":"https:\/\/cmpaix.eu\/fr\/wp-json\/wp\/v2\/pages\/14936","targetHints":{"allow":["GET"]}}],"collection":[{"href":"https:\/\/cmpaix.eu\/fr\/wp-json\/wp\/v2\/pages"}],"about":[{"href":"https:\/\/cmpaix.eu\/fr\/wp-json\/wp\/v2\/types\/page"}],"author":[{"embeddable":true,"href":"https:\/\/cmpaix.eu\/fr\/wp-json\/wp\/v2\/users\/1"}],"replies":[{"embeddable":true,"href":"https:\/\/cmpaix.eu\/fr\/wp-json\/wp\/v2\/comments?post=14936"}],"version-history":[{"count":12,"href":"https:\/\/cmpaix.eu\/fr\/wp-json\/wp\/v2\/pages\/14936\/revisions"}],"predecessor-version":[{"id":15106,"href":"https:\/\/cmpaix.eu\/fr\/wp-json\/wp\/v2\/pages\/14936\/revisions\/15106"}],"wp:attachment":[{"href":"https:\/\/cmpaix.eu\/fr\/wp-json\/wp\/v2\/media?parent=14936"}],"curies":[{"name":"wp","href":"https:\/\/api.w.org\/{rel}","templated":true}]}}