{"id":14940,"date":"2025-07-04T17:56:15","date_gmt":"2025-07-04T15:56:15","guid":{"rendered":"https:\/\/cmpaix.eu\/fr\/?page_id=14940"},"modified":"2025-08-25T14:10:40","modified_gmt":"2025-08-25T12:10:40","slug":"entree-de-la-cour","status":"publish","type":"page","link":"https:\/\/cmpaix.eu\/fr\/entree-de-la-cour\/","title":{"rendered":"La cour d&rsquo;honneur"},"content":{"rendered":"<section class=\"palais-section\">\n<h2>La Cour d\u2019honneur<\/h2>\n<p>La cour d\u2019honneur est un vaste espace rectangulaire \u00e0 l\u2019organisation sym\u00e9trique et au d\u00e9cor sobre, qui se limite \u00e0 des fruits sculpt\u00e9s et \u00e0 des cartouches o\u00f9 figuraient, avant la R\u00e9volution, les armes des \u00e9v\u00eaques de Verdun. On distingue encore la lettre H, monogramme de Mgr d\u2019Hallencourt.<\/p>\n<p>\u00c0 l\u2019ouest, face \u00e0 l\u2019entr\u00e9e de la cour, le corps principal de logis se d\u00e9ploie en h\u00e9micycle, ce qui est tr\u00e8s rare dans l\u2019architecture fran\u00e7aise.<\/p>\n<p>Au centre de la fa\u00e7ade, un avant-corps \u00e0 fronton triangulaire s\u2019ouvre sur un perron. Il est surmont\u00e9 d\u2019un toit bris\u00e9 en pavillon et ses corps lat\u00e9raux de toitures \u00e0 deux versants. L\u2019ensemble est ponctu\u00e9 de pots \u00e0 feu.<\/p>\n<p><img decoding=\"async\" class=\"lazyload alignleft size-medium wp-image-15053\" src=\"http:\/\/cmpaix.eu\/fr\/wp-content\/uploads\/2025\/08\/illustration-6-225x300.jpg\" data-orig-src=\"http:\/\/cmpaix.eu\/fr\/wp-content\/uploads\/2025\/08\/illustration-6-225x300.jpg\" alt=\"\" width=\"225\" height=\"300\" srcset=\"data:image\/svg+xml,%3Csvg%20xmlns%3D%27http%3A%2F%2Fwww.w3.org%2F2000%2Fsvg%27%20width%3D%27225%27%20height%3D%27300%27%20viewBox%3D%270%200%20225%20300%27%3E%3Crect%20width%3D%27225%27%20height%3D%27300%27%20fill-opacity%3D%220%22%2F%3E%3C%2Fsvg%3E\" data-srcset=\"https:\/\/cmpaix.eu\/fr\/wp-content\/uploads\/2025\/08\/illustration-6-200x267.jpg 200w, https:\/\/cmpaix.eu\/fr\/wp-content\/uploads\/2025\/08\/illustration-6-225x300.jpg 225w, https:\/\/cmpaix.eu\/fr\/wp-content\/uploads\/2025\/08\/illustration-6-400x533.jpg 400w, https:\/\/cmpaix.eu\/fr\/wp-content\/uploads\/2025\/08\/illustration-6-600x800.jpg 600w, https:\/\/cmpaix.eu\/fr\/wp-content\/uploads\/2025\/08\/illustration-6-768x1024.jpg 768w, https:\/\/cmpaix.eu\/fr\/wp-content\/uploads\/2025\/08\/illustration-6-800x1067.jpg 800w, https:\/\/cmpaix.eu\/fr\/wp-content\/uploads\/2025\/08\/illustration-6-1152x1536.jpg 1152w, https:\/\/cmpaix.eu\/fr\/wp-content\/uploads\/2025\/08\/illustration-6-1200x1600.jpg 1200w, https:\/\/cmpaix.eu\/fr\/wp-content\/uploads\/2025\/08\/illustration-6-1536x2048.jpg 1536w, https:\/\/cmpaix.eu\/fr\/wp-content\/uploads\/2025\/08\/illustration-6-scaled.jpg 1920w\" data-sizes=\"auto\" data-orig-sizes=\"(max-width: 225px) 100vw, 225px\" \/><\/p>\n<\/section>\n<p>Deux longues ailes se r\u00e9pondent de part et d\u2019autre de ce corps central : \u00e0 droite, au Nord, se trouvaient les \u00e9curies. \u00c0 gauche, au Sud, se d\u00e9ploie la grande galerie.<\/p>\n<section class=\"palais-section\">Face au palais \u00e9piscopal se dresse le b\u00e2timent qui abritait autrefois l\u2019intendance et o\u00f9 se trouve aujourd\u2019hui la biblioth\u00e8que municipale. <em>\u00a9 clich\u00e9 Anne Febvay<\/em><\/section>\n<section><\/section>\n<section><em>Toiture de la Cour d\u2019honneur h\u00e9riss\u00e9e de pots \u00e0 feu \u00a9 clich\u00e9 Nicolas Le Clerre<\/em><\/p>\n<p>&nbsp;<\/p>\n<\/section>\n<p><img decoding=\"async\" class=\"lazyload alignleft size-medium wp-image-15070\" src=\"http:\/\/cmpaix.eu\/fr\/wp-content\/uploads\/2025\/08\/20250702_135921279_iOS-225x300.jpg\" data-orig-src=\"http:\/\/cmpaix.eu\/fr\/wp-content\/uploads\/2025\/08\/20250702_135921279_iOS-225x300.jpg\" alt=\"\" width=\"225\" height=\"300\" srcset=\"data:image\/svg+xml,%3Csvg%20xmlns%3D%27http%3A%2F%2Fwww.w3.org%2F2000%2Fsvg%27%20width%3D%27225%27%20height%3D%27300%27%20viewBox%3D%270%200%20225%20300%27%3E%3Crect%20width%3D%27225%27%20height%3D%27300%27%20fill-opacity%3D%220%22%2F%3E%3C%2Fsvg%3E\" data-srcset=\"https:\/\/cmpaix.eu\/fr\/wp-content\/uploads\/2025\/08\/20250702_135921279_iOS-200x267.jpg 200w, https:\/\/cmpaix.eu\/fr\/wp-content\/uploads\/2025\/08\/20250702_135921279_iOS-225x300.jpg 225w, https:\/\/cmpaix.eu\/fr\/wp-content\/uploads\/2025\/08\/20250702_135921279_iOS-400x533.jpg 400w, https:\/\/cmpaix.eu\/fr\/wp-content\/uploads\/2025\/08\/20250702_135921279_iOS-600x800.jpg 600w, https:\/\/cmpaix.eu\/fr\/wp-content\/uploads\/2025\/08\/20250702_135921279_iOS-768x1024.jpg 768w, https:\/\/cmpaix.eu\/fr\/wp-content\/uploads\/2025\/08\/20250702_135921279_iOS-800x1067.jpg 800w, https:\/\/cmpaix.eu\/fr\/wp-content\/uploads\/2025\/08\/20250702_135921279_iOS-1152x1536.jpg 1152w, https:\/\/cmpaix.eu\/fr\/wp-content\/uploads\/2025\/08\/20250702_135921279_iOS-1200x1600.jpg 1200w, https:\/\/cmpaix.eu\/fr\/wp-content\/uploads\/2025\/08\/20250702_135921279_iOS-1536x2048.jpg 1536w, https:\/\/cmpaix.eu\/fr\/wp-content\/uploads\/2025\/08\/20250702_135921279_iOS-scaled.jpg 1920w\" data-sizes=\"auto\" data-orig-sizes=\"(max-width: 225px) 100vw, 225px\" \/><\/p>\n<h6>Voir les autres lieux :<\/h6>\n<h6><a class=\"card\" href=\"facade-place\">\ufe0f<\/a><a href=\"https:\/\/cmpaix.eu\/fr\/le-portail-place-monseigneur-ginisty\/\">Fa\u00e7ade c\u00f4t\u00e9 place<\/a> \/<a href=\"https:\/\/cmpaix.eu\/fr\/la-rotule\/\">La rotule<\/a> \/&nbsp; <a href=\"https:\/\/cmpaix.eu\/fr\/la-chapelle\/\">La Chapelle<\/a> \/&nbsp;<a href=\"https:\/\/cmpaix.eu\/fr\/la-marelle\/\">La Marelle<\/a> \/&nbsp;<a href=\"https:\/\/cmpaix.eu\/fr\/le-peristyle\/\">Le p\u00e9ristyle<\/a> \/&nbsp;<a href=\"https:\/\/cmpaix.eu\/fr\/les-jardins\/\">Les jardins<\/a> \/&nbsp;<a href=\"https:\/\/cmpaix.eu\/fr\/le-mur-de-berlin\/\">Fragment du Mur de Berlin<\/a> \/&nbsp;<a href=\"https:\/\/cmpaix.eu\/fr\/la-facade-cote-jardins\/\">Fa\u00e7ade c\u00f4t\u00e9 jardin<\/a> \/<a href=\"https:\/\/cmpaix.eu\/fr\/vue-depuis-les-jardins\/\">Vue sur Verdun<\/a>&nbsp;<\/h6>\n","protected":false},"excerpt":{"rendered":"<p>La Cour d\u2019honneur La cour d\u2019honneur est un vaste espace rectangulaire \u00e0 l\u2019organisation sym\u00e9trique et au d\u00e9cor sobre, qui se limite \u00e0 des fruits sculpt\u00e9s et \u00e0 des cartouches o\u00f9 figuraient, avant la R\u00e9volution, les armes des \u00e9v\u00eaques de Verdun. On distingue encore la lettre H, monogramme de Mgr d\u2019Hallencourt.  [&#8230;]<\/p>\n","protected":false},"author":1,"featured_media":0,"parent":0,"menu_order":3,"comment_status":"closed","ping_status":"closed","template":"","meta":{"ngg_post_thumbnail":0,"footnotes":""},"class_list":["post-14940","page","type-page","status-publish","hentry"],"_links":{"self":[{"href":"https:\/\/cmpaix.eu\/fr\/wp-json\/wp\/v2\/pages\/14940","targetHints":{"allow":["GET"]}}],"collection":[{"href":"https:\/\/cmpaix.eu\/fr\/wp-json\/wp\/v2\/pages"}],"about":[{"href":"https:\/\/cmpaix.eu\/fr\/wp-json\/wp\/v2\/types\/page"}],"author":[{"embeddable":true,"href":"https:\/\/cmpaix.eu\/fr\/wp-json\/wp\/v2\/users\/1"}],"replies":[{"embeddable":true,"href":"https:\/\/cmpaix.eu\/fr\/wp-json\/wp\/v2\/comments?post=14940"}],"version-history":[{"count":8,"href":"https:\/\/cmpaix.eu\/fr\/wp-json\/wp\/v2\/pages\/14940\/revisions"}],"predecessor-version":[{"id":15107,"href":"https:\/\/cmpaix.eu\/fr\/wp-json\/wp\/v2\/pages\/14940\/revisions\/15107"}],"wp:attachment":[{"href":"https:\/\/cmpaix.eu\/fr\/wp-json\/wp\/v2\/media?parent=14940"}],"curies":[{"name":"wp","href":"https:\/\/api.w.org\/{rel}","templated":true}]}}