{"id":20,"date":"2013-01-12T15:58:28","date_gmt":"2013-01-12T13:58:28","guid":{"rendered":"http:\/\/cmpaix.eu\/fr\/?page_id=20"},"modified":"2025-11-19T14:14:53","modified_gmt":"2025-11-19T12:14:53","slug":"accueil","status":"publish","type":"page","link":"https:\/\/cmpaix.eu\/fr\/","title":{"rendered":"Le Centre Mondial de la Paix"},"content":{"rendered":"<h4 style=\"text-align: center;\"><b>A vos Agendas&nbsp; <\/b>:<\/h4>\n<p style=\"text-align: center;\">Le Centre Mondial de la Paix, des libert\u00e9s et des Droits de l\u2019Homme accueille l\u2019exposition<\/p>\n<h4 style=\"text-align: center;\"><strong><em>Les Ombres de l\u2019Atome<\/em><\/strong><\/h4>\n<p style=\"text-align: center;\">de l\u2019artiste Jean Philippe PERNOT<\/p>\n<div style=\"width: 1000px;\" class=\"wp-video\"><video class=\"wp-video-shortcode\" id=\"video-20-1\" width=\"1000\" height=\"1500\" preload=\"metadata\" controls=\"controls\"><source type=\"video\/mp4\" src=\"http:\/\/cmpaix.eu\/fr\/wp-content\/uploads\/2025\/11\/TEASER02.mp4?_=1\" \/><a href=\"http:\/\/cmpaix.eu\/fr\/wp-content\/uploads\/2025\/11\/TEASER02.mp4\">http:\/\/cmpaix.eu\/fr\/wp-content\/uploads\/2025\/11\/TEASER02.mp4<\/a><\/video><\/div>\n<p><img decoding=\"async\" class=\"lazyload alignleft wp-image-15140\" src=\"http:\/\/cmpaix.eu\/fr\/wp-content\/uploads\/2025\/11\/Capture-decran-2025-11-05-095554-213x300.jpg\" data-orig-src=\"http:\/\/cmpaix.eu\/fr\/wp-content\/uploads\/2025\/11\/Capture-decran-2025-11-05-095554-213x300.jpg\" alt=\"\" width=\"320\" height=\"451\" srcset=\"data:image\/svg+xml,%3Csvg%20xmlns%3D%27http%3A%2F%2Fwww.w3.org%2F2000%2Fsvg%27%20width%3D%27320%27%20height%3D%27451%27%20viewBox%3D%270%200%20320%20451%27%3E%3Crect%20width%3D%27320%27%20height%3D%27451%27%20fill-opacity%3D%220%22%2F%3E%3C%2Fsvg%3E\" data-srcset=\"https:\/\/cmpaix.eu\/fr\/wp-content\/uploads\/2025\/11\/Capture-decran-2025-11-05-095554-200x282.jpg 200w, https:\/\/cmpaix.eu\/fr\/wp-content\/uploads\/2025\/11\/Capture-decran-2025-11-05-095554-213x300.jpg 213w, https:\/\/cmpaix.eu\/fr\/wp-content\/uploads\/2025\/11\/Capture-decran-2025-11-05-095554-400x563.jpg 400w, https:\/\/cmpaix.eu\/fr\/wp-content\/uploads\/2025\/11\/Capture-decran-2025-11-05-095554-600x845.jpg 600w, https:\/\/cmpaix.eu\/fr\/wp-content\/uploads\/2025\/11\/Capture-decran-2025-11-05-095554.jpg 627w\" data-sizes=\"auto\" data-orig-sizes=\"(max-width: 320px) 100vw, 320px\" \/><\/p>\n<div dir=\"auto\"><strong>Exposition de photographies et de po\u00e9sies.<\/strong><\/div>\n<div dir=\"auto\">\n<div>\n<p><strong>Du 1er d\u00e9cembre au 19 d\u00e9cembre 2025 et du 12 janvier au 30 avril 2026<\/strong><\/p>\n<\/div>\n<div>\n<p>Une \u0153uvre photographique et po\u00e9tique en hommage aux victimes d\u2019Hiroshima et de Nagasaki install\u00e9e au Centre Mondial de la Paix, des Libert\u00e9s et des droits de l\u2019Homme<\/p>\n<\/div>\n<div>\n<p>Apr\u00e8s deux ann\u00e9es de recherches documentaires et d\u2019exp\u00e9rimentations techniques pour rendre visible l\u2019indicible, le projet <em>Les Ombres de l\u2019Atome<\/em> sera expos\u00e9 au Centre Mondial de la Paix, des Libert\u00e9s et des droits de l\u2019Homme \u00e0 partir du&nbsp;1er d\u00e9cembre&nbsp;2025.<\/p>\n<\/div>\n<div>\n<p>Ce travail de m\u00e9moire se mat\u00e9rialise par une s\u00e9rie de trente tirages photographiques sur tableaux de tilleul dor\u00e9s \u00e0 l\u2019or fin, une centaine de tirages sur feuilles d\u2019or, de platine ou d\u2019argent, et dix masques de th\u00e9\u00e2tre N\u00f4, composant une exposition immersive et totale. Elle rend hommage aux personnes litt\u00e9ralement d\u00e9sint\u00e9gr\u00e9es lors des explosions atomiques d\u2019Hiroshima et de Nagasaki les 6 et 9 ao\u00fbt 1945.<\/p>\n<\/div>\n<div>\n<p>Les tirages sur papier ont principalement \u00e9t\u00e9 r\u00e9alis\u00e9s sur papier Berger COT 320, et certains sur papier Hahnem\u00fchle, pour conserver une qualit\u00e9 d\u2019archive et un rendu sensible.<\/p>\n<\/div>\n<div>\n<p>Les photographies utilis\u00e9es proviennent en majorit\u00e9 de brocantes, d\u2019antiquaires et de recherches en ligne. Seize albums photographiques, comptant environ 1 500 clich\u00e9s, datant de la fin du XIXe si\u00e8cle \u00e0 la moiti\u00e9 du XXe si\u00e8cle, ont permis de composer cette mosa\u00efque de m\u00e9moires. Un grand nombre de photographies albumin\u00e9es coloris\u00e9es \u00e0 la main ont \u00e9t\u00e9 acquises aupr\u00e8s de la Galerie 291, 32 rue de la Gait\u00e9, Paris 14e.<\/p>\n<\/div>\n<\/div>\n<div dir=\"auto\"><strong>Exposition ouvert \u00e0 partir du 1er d\u00e9cembre , du lundi au vendredi, de 10h00 \u00e0 12h00 et de 14h00 \u00e0 18h00<\/strong><\/div>\n<div style=\"text-align: justify;\">\n<h2 style=\"text-align: center;\">&nbsp; <strong>INFORMATION<\/strong><\/h2>\n<p><img decoding=\"async\" class=\"lazyload  wp-image-14903 alignleft\" src=\"http:\/\/cmpaix.eu\/fr\/wp-content\/uploads\/2025\/06\/462722178_28010259868572887_7619821846710286495_n-300x145.jpg\" data-orig-src=\"http:\/\/cmpaix.eu\/fr\/wp-content\/uploads\/2025\/06\/462722178_28010259868572887_7619821846710286495_n-300x145.jpg\" alt=\"\" width=\"374\" height=\"181\" srcset=\"data:image\/svg+xml,%3Csvg%20xmlns%3D%27http%3A%2F%2Fwww.w3.org%2F2000%2Fsvg%27%20width%3D%27374%27%20height%3D%27181%27%20viewBox%3D%270%200%20374%20181%27%3E%3Crect%20width%3D%27374%27%20height%3D%27181%27%20fill-opacity%3D%220%22%2F%3E%3C%2Fsvg%3E\" data-srcset=\"https:\/\/cmpaix.eu\/fr\/wp-content\/uploads\/2025\/06\/462722178_28010259868572887_7619821846710286495_n-200x97.jpg 200w, https:\/\/cmpaix.eu\/fr\/wp-content\/uploads\/2025\/06\/462722178_28010259868572887_7619821846710286495_n-300x145.jpg 300w, https:\/\/cmpaix.eu\/fr\/wp-content\/uploads\/2025\/06\/462722178_28010259868572887_7619821846710286495_n-400x193.jpg 400w, https:\/\/cmpaix.eu\/fr\/wp-content\/uploads\/2025\/06\/462722178_28010259868572887_7619821846710286495_n-600x290.jpg 600w, https:\/\/cmpaix.eu\/fr\/wp-content\/uploads\/2025\/06\/462722178_28010259868572887_7619821846710286495_n-768x371.jpg 768w, https:\/\/cmpaix.eu\/fr\/wp-content\/uploads\/2025\/06\/462722178_28010259868572887_7619821846710286495_n-800x387.jpg 800w, https:\/\/cmpaix.eu\/fr\/wp-content\/uploads\/2025\/06\/462722178_28010259868572887_7619821846710286495_n.jpg 960w\" data-sizes=\"auto\" data-orig-sizes=\"(max-width: 374px) 100vw, 374px\" \/><\/p>\n<div style=\"text-align: justify;\">\n<h6 style=\"text-align: center;\"><strong style=\"font-family: inherit; font-size: inherit;\"><img decoding=\"async\" class=\"lazyload  wp-image-14870 aligncenter\" src=\"http:\/\/cmpaix.eu\/fr\/wp-content\/uploads\/2025\/05\/IMG_4357-300x225.jpg\" data-orig-src=\"http:\/\/cmpaix.eu\/fr\/wp-content\/uploads\/2025\/05\/IMG_4357-300x225.jpg\" alt=\"\" width=\"249\" height=\"187\" srcset=\"data:image\/svg+xml,%3Csvg%20xmlns%3D%27http%3A%2F%2Fwww.w3.org%2F2000%2Fsvg%27%20width%3D%27249%27%20height%3D%27187%27%20viewBox%3D%270%200%20249%20187%27%3E%3Crect%20width%3D%27249%27%20height%3D%27187%27%20fill-opacity%3D%220%22%2F%3E%3C%2Fsvg%3E\" data-srcset=\"https:\/\/cmpaix.eu\/fr\/wp-content\/uploads\/2025\/05\/IMG_4357-200x150.jpg 200w, https:\/\/cmpaix.eu\/fr\/wp-content\/uploads\/2025\/05\/IMG_4357-300x225.jpg 300w, https:\/\/cmpaix.eu\/fr\/wp-content\/uploads\/2025\/05\/IMG_4357-400x300.jpg 400w, https:\/\/cmpaix.eu\/fr\/wp-content\/uploads\/2025\/05\/IMG_4357-600x450.jpg 600w, https:\/\/cmpaix.eu\/fr\/wp-content\/uploads\/2025\/05\/IMG_4357-768x576.jpg 768w, https:\/\/cmpaix.eu\/fr\/wp-content\/uploads\/2025\/05\/IMG_4357-800x600.jpg 800w, https:\/\/cmpaix.eu\/fr\/wp-content\/uploads\/2025\/05\/IMG_4357-1024x768.jpg 1024w, https:\/\/cmpaix.eu\/fr\/wp-content\/uploads\/2025\/05\/IMG_4357-1200x900.jpg 1200w, https:\/\/cmpaix.eu\/fr\/wp-content\/uploads\/2025\/05\/IMG_4357-1536x1152.jpg 1536w, https:\/\/cmpaix.eu\/fr\/wp-content\/uploads\/2025\/05\/IMG_4357-scaled.jpg 2560w\" data-sizes=\"auto\" data-orig-sizes=\"(max-width: 249px) 100vw, 249px\" \/><\/strong><\/h6>\n<\/div>\n<p style=\"text-align: center;\"><strong style=\"font-family: inherit; font-size: inherit;\">La boutique du Centre est ouverte <\/strong><strong>du lundi au vendredi <\/strong><\/p>\n<p style=\"text-align: center;\"><strong>de 10h00 \u00e0 12h00 et de 14h00 \u00e0 18h00 *<\/strong><\/p>\n<div style=\"text-align: justify;\">\n<p>D\u00e9couvrez une s\u00e9lection exceptionnelle de livres et d\u2019objets d\u00e9di\u00e9s \u00e0 l\u2019histoire des deux guerres mondiales, \u00e0 la r\u00e9unification, aux conflits europ\u00e9ens contemporains, mais aussi aux Droits de l\u2019Homme et \u00e0 la Paix. Un v\u00e9ritable tr\u00e9sor pour les passionn\u00e9s d\u2019histoire et les curieux en qu\u00eate de sens.<img decoding=\"async\" class=\"lazyload size-medium wp-image-14902 aligncenter\" style=\"text-align: justify;\" src=\"http:\/\/cmpaix.eu\/fr\/wp-content\/uploads\/2025\/06\/310635537_405339071813518_7354766671175014243_n-300x200.jpg\" data-orig-src=\"http:\/\/cmpaix.eu\/fr\/wp-content\/uploads\/2025\/06\/310635537_405339071813518_7354766671175014243_n-300x200.jpg\" alt=\"\" width=\"300\" height=\"200\" srcset=\"data:image\/svg+xml,%3Csvg%20xmlns%3D%27http%3A%2F%2Fwww.w3.org%2F2000%2Fsvg%27%20width%3D%27300%27%20height%3D%27200%27%20viewBox%3D%270%200%20300%20200%27%3E%3Crect%20width%3D%27300%27%20height%3D%27200%27%20fill-opacity%3D%220%22%2F%3E%3C%2Fsvg%3E\" data-srcset=\"https:\/\/cmpaix.eu\/fr\/wp-content\/uploads\/2025\/06\/310635537_405339071813518_7354766671175014243_n-200x133.jpg 200w, https:\/\/cmpaix.eu\/fr\/wp-content\/uploads\/2025\/06\/310635537_405339071813518_7354766671175014243_n-300x200.jpg 300w, https:\/\/cmpaix.eu\/fr\/wp-content\/uploads\/2025\/06\/310635537_405339071813518_7354766671175014243_n-400x267.jpg 400w, https:\/\/cmpaix.eu\/fr\/wp-content\/uploads\/2025\/06\/310635537_405339071813518_7354766671175014243_n-600x400.jpg 600w, https:\/\/cmpaix.eu\/fr\/wp-content\/uploads\/2025\/06\/310635537_405339071813518_7354766671175014243_n-768x512.jpg 768w, https:\/\/cmpaix.eu\/fr\/wp-content\/uploads\/2025\/06\/310635537_405339071813518_7354766671175014243_n-800x533.jpg 800w, https:\/\/cmpaix.eu\/fr\/wp-content\/uploads\/2025\/06\/310635537_405339071813518_7354766671175014243_n.jpg 975w\" data-sizes=\"auto\" data-orig-sizes=\"(max-width: 300px) 100vw, 300px\" \/><\/p>\n<div style=\"text-align: center;\"><strong>Le jardin est accessible gratuitement<\/strong> pendant les heures d\u2019ouverture de la boutique.<\/div>\n<div>\n<h6 style=\"text-align: center;\"><strong>* Nous vous informons que la boutique et le jardin <\/strong><strong style=\"font-size: 1.1em;\">du <\/strong><strong style=\"font-size: 1.1em;\">Centre Mondial de la Paix seront ferm\u00e9s<br \/>\ndu 20 d\u00e9cembre 2025 au 11 janvier 2026.&nbsp;<\/strong><\/h6>\n<\/div>\n<div>&nbsp;<\/div>\n<div style=\"text-align: justify;\">\n<table width=\"100%\">\n<tbody>\n<tr>\n<td width=\"32%\">\n<p style=\"text-align: center;\"><strong>La&nbsp;<a href=\"https:\/\/cmpaix.eu\/fr\/location-salles\/\">LOCATION DE SALLES <\/a><\/strong><strong>et<a href=\"https:\/\/cmpaix.eu\/fr\/hebergement\/\">&nbsp;l\u2019HEBERGEMENT DE GROUPES <\/a><\/strong>sont toujours possibles !<\/p>\n<p style=\"text-align: center;\">N\u2019h\u00e9sitez pas \u00e0 prendre contact pour l\u2019organisation de vos manifestations et \u00e9v\u00e8nements<\/p>\n<\/td>\n<\/tr>\n<\/tbody>\n<\/table>\n<table width=\"100%\">\n<tbody>\n<tr>\n<td width=\"32%\"><img decoding=\"async\" class=\"lazyload alignleft size-medium wp-image-11721\" src=\"http:\/\/cmpaix.eu\/fr\/wp-content\/uploads\/2023\/03\/location-salles-acc-300x152.jpg\" data-orig-src=\"http:\/\/cmpaix.eu\/fr\/wp-content\/uploads\/2023\/03\/location-salles-acc-300x152.jpg\" alt=\"\" width=\"300\" height=\"152\" srcset=\"data:image\/svg+xml,%3Csvg%20xmlns%3D%27http%3A%2F%2Fwww.w3.org%2F2000%2Fsvg%27%20width%3D%27300%27%20height%3D%27152%27%20viewBox%3D%270%200%20300%20152%27%3E%3Crect%20width%3D%27300%27%20height%3D%27152%27%20fill-opacity%3D%220%22%2F%3E%3C%2Fsvg%3E\" data-srcset=\"https:\/\/cmpaix.eu\/fr\/wp-content\/uploads\/2023\/03\/location-salles-acc-200x101.jpg 200w, https:\/\/cmpaix.eu\/fr\/wp-content\/uploads\/2023\/03\/location-salles-acc-300x152.jpg 300w, https:\/\/cmpaix.eu\/fr\/wp-content\/uploads\/2023\/03\/location-salles-acc.jpg 355w\" data-sizes=\"auto\" data-orig-sizes=\"(max-width: 300px) 100vw, 300px\" \/><\/p>\n<h4 style=\"text-align: center;\"><strong>LOCATION DE SALLES<\/strong><\/h4>\n<p>Mariage \/ S\u00e9minaires \/ Colloques<\/p>\n<p>Lieu id\u00e9al pour organiser votre \u00e9v\u00e8nement familial ou professionnel, le Centre Mondial de la Paix dispose de salles de r\u00e9ception de 20 \u00e0 300 places<br \/>\n<a href=\"http:\/\/cmpaix.eu\/fr\/location-salles\">En savoir plus<\/a><\/td>\n<td width=\"32%\"><img decoding=\"async\" class=\"lazyload alignleft size-medium wp-image-8178\" src=\"http:\/\/cmpaix.eu\/fr\/wp-content\/uploads\/2016\/09\/hebergement6-300x200.jpg\" data-orig-src=\"http:\/\/cmpaix.eu\/fr\/wp-content\/uploads\/2016\/09\/hebergement6-300x200.jpg\" alt=\"\" width=\"300\" height=\"200\" srcset=\"data:image\/svg+xml,%3Csvg%20xmlns%3D%27http%3A%2F%2Fwww.w3.org%2F2000%2Fsvg%27%20width%3D%27300%27%20height%3D%27200%27%20viewBox%3D%270%200%20300%20200%27%3E%3Crect%20width%3D%27300%27%20height%3D%27200%27%20fill-opacity%3D%220%22%2F%3E%3C%2Fsvg%3E\" data-srcset=\"https:\/\/cmpaix.eu\/fr\/wp-content\/uploads\/2016\/09\/hebergement6-300x200.jpg 300w, https:\/\/cmpaix.eu\/fr\/wp-content\/uploads\/2016\/09\/hebergement6.jpg 600w\" data-sizes=\"auto\" data-orig-sizes=\"(max-width: 300px) 100vw, 300px\" \/><br \/>\n<img decoding=\"async\" class=\"lazyload alignleft size-medium wp-image-8177\" src=\"http:\/\/cmpaix.eu\/fr\/wp-content\/uploads\/2016\/09\/hebergement5-300x200.jpg\" data-orig-src=\"http:\/\/cmpaix.eu\/fr\/wp-content\/uploads\/2016\/09\/hebergement5-300x200.jpg\" alt=\"\" width=\"300\" height=\"200\" srcset=\"data:image\/svg+xml,%3Csvg%20xmlns%3D%27http%3A%2F%2Fwww.w3.org%2F2000%2Fsvg%27%20width%3D%27300%27%20height%3D%27200%27%20viewBox%3D%270%200%20300%20200%27%3E%3Crect%20width%3D%27300%27%20height%3D%27200%27%20fill-opacity%3D%220%22%2F%3E%3C%2Fsvg%3E\" data-srcset=\"https:\/\/cmpaix.eu\/fr\/wp-content\/uploads\/2016\/09\/hebergement5-300x200.jpg 300w, https:\/\/cmpaix.eu\/fr\/wp-content\/uploads\/2016\/09\/hebergement5.jpg 600w\" data-sizes=\"auto\" data-orig-sizes=\"(max-width: 300px) 100vw, 300px\" \/><\/td>\n<td width=\"32%\"><img decoding=\"async\" class=\"lazyload size-medium wp-image-11719 aligncenter\" src=\"http:\/\/cmpaix.eu\/fr\/wp-content\/uploads\/2023\/03\/hebergement-acc-300x152.jpg\" data-orig-src=\"http:\/\/cmpaix.eu\/fr\/wp-content\/uploads\/2023\/03\/hebergement-acc-300x152.jpg\" alt=\"\" width=\"300\" height=\"152\" srcset=\"data:image\/svg+xml,%3Csvg%20xmlns%3D%27http%3A%2F%2Fwww.w3.org%2F2000%2Fsvg%27%20width%3D%27300%27%20height%3D%27152%27%20viewBox%3D%270%200%20300%20152%27%3E%3Crect%20width%3D%27300%27%20height%3D%27152%27%20fill-opacity%3D%220%22%2F%3E%3C%2Fsvg%3E\" data-srcset=\"https:\/\/cmpaix.eu\/fr\/wp-content\/uploads\/2023\/03\/hebergement-acc-200x101.jpg 200w, https:\/\/cmpaix.eu\/fr\/wp-content\/uploads\/2023\/03\/hebergement-acc-300x152.jpg 300w, https:\/\/cmpaix.eu\/fr\/wp-content\/uploads\/2023\/03\/hebergement-acc.jpg 355w\" data-sizes=\"auto\" data-orig-sizes=\"(max-width: 300px) 100vw, 300px\" \/><\/p>\n<p style=\"text-align: center;\"><strong>HEBERGEMENT DE GROUPES<\/strong><\/p>\n<p style=\"text-align: justify;\">D\u2019une capacit\u00e9 de 56 lits, notre h\u00e9bergement vous accueille lors de vos s\u00e9jours \u00e0 Verdun. Id\u00e9al pour les groupes scolaires\u2026<br \/>\n<a href=\"http:\/\/cmpaix.eu\/fr\/hebergement\">En savoir plus<\/a><\/p>\n<\/td>\n<\/tr>\n<\/tbody>\n<\/table>\n<\/div>\n<\/div>\n<\/div>\n","protected":false},"excerpt":{"rendered":"<p>A vos Agendas&nbsp; : Le Centre Mondial de la Paix, des libert\u00e9s et des Droits de l\u2019Homme accueille l\u2019exposition Les Ombres de l\u2019Atome de l\u2019artiste Jean Philippe PERNOT Exposition de photographies et de po\u00e9sies. Du 1er d\u00e9cembre au 19 d\u00e9cembre 2025 et du 12 janvier au 30 avril 2026 Une  [&#8230;]<\/p>\n","protected":false},"author":1,"featured_media":0,"parent":0,"menu_order":0,"comment_status":"closed","ping_status":"closed","template":"","meta":{"ngg_post_thumbnail":0,"footnotes":""},"class_list":["post-20","page","type-page","status-publish","hentry"],"_links":{"self":[{"href":"https:\/\/cmpaix.eu\/fr\/wp-json\/wp\/v2\/pages\/20","targetHints":{"allow":["GET"]}}],"collection":[{"href":"https:\/\/cmpaix.eu\/fr\/wp-json\/wp\/v2\/pages"}],"about":[{"href":"https:\/\/cmpaix.eu\/fr\/wp-json\/wp\/v2\/types\/page"}],"author":[{"embeddable":true,"href":"https:\/\/cmpaix.eu\/fr\/wp-json\/wp\/v2\/users\/1"}],"replies":[{"embeddable":true,"href":"https:\/\/cmpaix.eu\/fr\/wp-json\/wp\/v2\/comments?post=20"}],"version-history":[{"count":442,"href":"https:\/\/cmpaix.eu\/fr\/wp-json\/wp\/v2\/pages\/20\/revisions"}],"predecessor-version":[{"id":15150,"href":"https:\/\/cmpaix.eu\/fr\/wp-json\/wp\/v2\/pages\/20\/revisions\/15150"}],"wp:attachment":[{"href":"https:\/\/cmpaix.eu\/fr\/wp-json\/wp\/v2\/media?parent=20"}],"curies":[{"name":"wp","href":"https:\/\/api.w.org\/{rel}","templated":true}]}}